{"version":"1.0","provider_name":"CNAJMJ","provider_url":"https:\/\/www.cnajmj.fr\/en\/","author_name":"Btissame","author_url":"https:\/\/www.cnajmj.fr\/en\/author\/btissame\/","title":"La parole \u00e0 un ancien pr\u00e9sident du conseil : Christophe Th\u00e9venot - CNAJMJ","type":"rich","width":600,"height":338,"html":"<blockquote class=\"wp-embedded-content\" data-secret=\"70viuL7g9D\"><a href=\"https:\/\/www.cnajmj.fr\/en\/ecoute\/parole-a-christophe-thevenot\/\">La parole \u00e0 un ancien pr\u00e9sident du conseil : Christophe Th\u00e9venot<\/a><\/blockquote><iframe sandbox=\"allow-scripts\" security=\"restricted\" src=\"https:\/\/www.cnajmj.fr\/en\/ecoute\/parole-a-christophe-thevenot\/embed\/#?secret=70viuL7g9D\" width=\"600\" height=\"338\" title=\"&#8220;La parole \u00e0 un ancien pr\u00e9sident du conseil : Christophe Th\u00e9venot&#8221; &#8212; CNAJMJ\" data-secret=\"70viuL7g9D\" frameborder=\"0\" marginwidth=\"0\" marginheight=\"0\" scrolling=\"no\" class=\"wp-embedded-content\"><\/iframe><script>\n\/*! This file is auto-generated *\/\n!function(d,l){\"use strict\";l.querySelector&&d.addEventListener&&\"undefined\"!=typeof URL&&(d.wp=d.wp||{},d.wp.receiveEmbedMessage||(d.wp.receiveEmbedMessage=function(e){var t=e.data;if((t||t.secret||t.message||t.value)&&!\/[^a-zA-Z0-9]\/.test(t.secret)){for(var s,r,n,a=l.querySelectorAll('iframe[data-secret=\"'+t.secret+'\"]'),o=l.querySelectorAll('blockquote[data-secret=\"'+t.secret+'\"]'),c=new RegExp(\"^https?:$\",\"i\"),i=0;i<o.length;i++)o[i].style.display=\"none\";for(i=0;i<a.length;i++)s=a[i],e.source===s.contentWindow&&(s.removeAttribute(\"style\"),\"height\"===t.message?(1e3<(r=parseInt(t.value,10))?r=1e3:~~r<200&&(r=200),s.height=r):\"link\"===t.message&&(r=new URL(s.getAttribute(\"src\")),n=new URL(t.value),c.test(n.protocol))&&n.host===r.host&&l.activeElement===s&&(d.top.location.href=t.value))}},d.addEventListener(\"message\",d.wp.receiveEmbedMessage,!1),l.addEventListener(\"DOMContentLoaded\",function(){for(var e,t,s=l.querySelectorAll(\"iframe.wp-embedded-content\"),r=0;r<s.length;r++)(t=(e=s[r]).getAttribute(\"data-secret\"))||(t=Math.random().toString(36).substring(2,12),e.src+=\"#?secret=\"+t,e.setAttribute(\"data-secret\",t)),e.contentWindow.postMessage({message:\"ready\",secret:t},\"*\")},!1)))}(window,document);\n\/\/# sourceURL=https:\/\/www.cnajmj.fr\/wp-includes\/js\/wp-embed.min.js\n<\/script>\n","thumbnail_url":"https:\/\/www.cnajmj.fr\/wp-content\/uploads\/2021\/11\/ecout4.png","thumbnail_width":556,"thumbnail_height":416,"description":"Des relations entre les professionnels AJMJ et les AGS Dix-huit mois apr\u00e8s la fin de mon mandat de pr\u00e9sident du Conseil national et constatant que l\u2019AGS continue d\u2019alimenter les m\u00e9dias en une campagne dont on ne comprend o\u00f9 elle m\u00e8ne, au point que le Premier ministre ait estim\u00e9 n\u00e9cessaire de confier une mission sur l\u2019articulation [&hellip;]"}