{"version":"1.0","provider_name":"CNAJMJ","provider_url":"https:\/\/www.cnajmj.fr\/en\/","author_name":"Btissame","author_url":"https:\/\/www.cnajmj.fr\/en\/author\/btissame\/","title":"Privil\u00e8ges et lutte des classes \u00e0 la Une ? - CNAJMJ","type":"rich","width":600,"height":338,"html":"<blockquote class=\"wp-embedded-content\" data-secret=\"s5Wylldwah\"><a href=\"https:\/\/www.cnajmj.fr\/en\/ecoute\/privilege-lutte-classe-a-la-une\/\">Privil\u00e8ges et lutte des classes \u00e0 la Une ?<\/a><\/blockquote><iframe sandbox=\"allow-scripts\" security=\"restricted\" src=\"https:\/\/www.cnajmj.fr\/en\/ecoute\/privilege-lutte-classe-a-la-une\/embed\/#?secret=s5Wylldwah\" width=\"600\" height=\"338\" title=\"&#8220;Privil\u00e8ges et lutte des classes \u00e0 la Une ?&#8221; &#8212; CNAJMJ\" data-secret=\"s5Wylldwah\" frameborder=\"0\" marginwidth=\"0\" marginheight=\"0\" scrolling=\"no\" class=\"wp-embedded-content\"><\/iframe><script>\n\/*! This file is auto-generated *\/\n!function(d,l){\"use strict\";l.querySelector&&d.addEventListener&&\"undefined\"!=typeof URL&&(d.wp=d.wp||{},d.wp.receiveEmbedMessage||(d.wp.receiveEmbedMessage=function(e){var t=e.data;if((t||t.secret||t.message||t.value)&&!\/[^a-zA-Z0-9]\/.test(t.secret)){for(var s,r,n,a=l.querySelectorAll('iframe[data-secret=\"'+t.secret+'\"]'),o=l.querySelectorAll('blockquote[data-secret=\"'+t.secret+'\"]'),c=new RegExp(\"^https?:$\",\"i\"),i=0;i<o.length;i++)o[i].style.display=\"none\";for(i=0;i<a.length;i++)s=a[i],e.source===s.contentWindow&&(s.removeAttribute(\"style\"),\"height\"===t.message?(1e3<(r=parseInt(t.value,10))?r=1e3:~~r<200&&(r=200),s.height=r):\"link\"===t.message&&(r=new URL(s.getAttribute(\"src\")),n=new URL(t.value),c.test(n.protocol))&&n.host===r.host&&l.activeElement===s&&(d.top.location.href=t.value))}},d.addEventListener(\"message\",d.wp.receiveEmbedMessage,!1),l.addEventListener(\"DOMContentLoaded\",function(){for(var e,t,s=l.querySelectorAll(\"iframe.wp-embedded-content\"),r=0;r<s.length;r++)(t=(e=s[r]).getAttribute(\"data-secret\"))||(t=Math.random().toString(36).substring(2,12),e.src+=\"#?secret=\"+t,e.setAttribute(\"data-secret\",t)),e.contentWindow.postMessage({message:\"ready\",secret:t},\"*\")},!1)))}(window,document);\n\/\/# sourceURL=https:\/\/www.cnajmj.fr\/wp-includes\/js\/wp-embed.min.js\n<\/script>\n","thumbnail_url":"https:\/\/www.cnajmj.fr\/wp-content\/uploads\/2021\/12\/6@2x.png","thumbnail_width":556,"thumbnail_height":416,"description":"&#8220;L\u2019ar\u00e8ne m\u00e9diatique a, au long des derni\u00e8res semaines, r\u00e9duit deux r\u00e9formes notables de notre droit priv\u00e9 \u00e0 un affrontement entre AGS et salari\u00e9s, d\u2019une part, et professionnels de l\u2019insolvabilit\u00e9, d\u2019autre part. Cette agitation aura eu le m\u00e9rite de rappeler \u00e0 chacun \u2013 juriste ou non \u2013 la dimension \u00e9minemment politique du classement des pr\u00e9f\u00e9rences,laquelle a [&hellip;]"}