{"id":13314,"date":"2020-10-06T16:23:00","date_gmt":"2020-10-06T16:23:00","guid":{"rendered":"https:\/\/www.cnajmj.fr\/ecoute\/ascoval-industrie-francaise-union-sacree\/"},"modified":"2020-10-06T16:23:00","modified_gmt":"2020-10-06T16:23:00","slug":"ascoval-industrie-francaise-union-sacree","status":"publish","type":"ecoute","link":"https:\/\/www.cnajmj.fr\/en\/ecoute\/ascoval-industrie-francaise-union-sacree\/","title":{"rendered":"Ascoval, l\u2019union sacr\u00e9e"},"content":{"rendered":"\n<p><mark style=\"background-color:rgba(0, 0, 0, 0)\" class=\"has-inline-color has-vivid-red-color\">Fleuron de l\u2019industrie fran\u00e7aise, sp\u00e9cialis\u00e9 dans les aciers sp\u00e9ciaux de haute qualit\u00e9, Ascoval a \u00e9t\u00e9\u00a0rachet\u00e9 par<em> Liberty Steel <\/em>avec<em> France Rail Industrie, <\/em>afin de constituer un p\u00f4le d\u2019excellence en Europe sur l\u2019acier et les rails verts.<\/mark><\/p>\n\n\n\n<p>Cr\u00e9\u00e9 en 2017, \u00e0 partir d\u2019actifs de Vallourec, Ascoval est un outil de production industriel moderne et hautement op\u00e9rationnel avec aujourd\u2019hui 250 salari\u00e9s dans la r\u00e9gion des Hauts de France. Il \u00e9tait destin\u00e9 \u00e0 alimenter les usines de ses deux actionnaires Asco Industries (ex.&nbsp;Ascom\u00e9tal) et Vallourec jusqu\u2019au moment de la liquidation d\u2019Asco Industries en f\u00e9vrier 2018 et le retrait de Vallourec dans la foul\u00e9e : \u00ab nous avons d\u00fb passer d\u2019un statut de coop\u00e9rative en quelque sorte, \u00e0 un nouveau mod\u00e8le \u00e9conomique et commercial ind\u00e9pendant et \u2018multi-clients\u2019 \u00bb, explique C\u00e9dric Orban, Pr\u00e9sident d\u2019Ascoval.<\/p>\n\n\n\n<p>La direction et le personnel se sont battus, soutenus par l\u2019administrateur judiciaire pour le sauvetage de l\u2019usine, avec le soutien conjoint de l\u2019Etat et du CIRI, de la r\u00e9gion des Hauts de France avec Xavier Bertrand, et de la m\u00e9tropole de Valenciennes. Une v\u00e9ritable \u00ab union sacr\u00e9e \u00bb, port\u00e9e par un administrateur judiciaire, qui selon C\u00e9dric Orban, \u00ab a tout de suite compris ce qui pourrait sauver l\u2019entreprise \u00bb. Il ajoute : \u00ab \u00c0 la fois garant de proc\u00e9dures appliqu\u00e9es \u00e0 la perfection et capable de tester la justesse des arguments, il analyse les forces et les faiblesses, pour une sortie de crise par le haut \u00bb.<\/p>\n\n\n\n<p>Au total, pr\u00e8s de 150 millions d\u2019euros ont \u00e9t\u00e9 investis dans cette usine au cours des dix derni\u00e8res ann\u00e9es, ce qui lui permet aujourd\u2019hui d\u2019\u00eatre une source d\u2019approvisionnement en acier strat\u00e9gique en Europe.<\/p>\n\n\n\n<p>L\u2019\u00e9quipe de direction arriv\u00e9e en 2017 et conduite par C\u00e9dric Orban, a r\u00e9alis\u00e9 ces trois derni\u00e8res ann\u00e9es un travail de redressement exemplaire de cet outil industriel strat\u00e9gique. Aujourd\u2019hui, avec l\u2019appui du groupe britannique Liberty Steel, qui vient de reprendre le site, l\u2019\u00e9quipe est bien partie pour lui donner un nouvel \u00e9lan. L\u2019objectif : permettre aux grandes entreprises de transports europ\u00e9ennes comme SNCF R\u00e9seau et d\u2019autres acteurs europ\u00e9ens du transport, de s\u2019approvi- sionner en rails verts, plus \u00e9cologiques et moins \u00e9metteurs de carbone.<\/p>\n\n\n\n<p>Cette belle histoire a inspir\u00e9 le r\u00e9alisateur de documentaires Eric Gu\u00e9ret, qui en a fait un film, intitul\u00e9&nbsp;<em>Le feu sacr\u00e9&nbsp;<\/em>et qui sortira en salles le 21 octobre 2020. L\u2019administrateur y joue notamment son propre r\u00f4le.<\/p>\n","protected":false},"featured_media":12575,"template":"","categorie-ecoutes":[42],"class_list":["post-13314","ecoute","type-ecoute","status-publish","has-post-thumbnail","hentry","categorie-ecoutes-les-belles-histoires-engl"],"acf":[],"publishpress_future_workflow_manual_trigger":{"enabledWorkflows":[]},"_links":{"self":[{"href":"https:\/\/www.cnajmj.fr\/en\/wp-json\/wp\/v2\/ecoute\/13314","targetHints":{"allow":["GET"]}}],"collection":[{"href":"https:\/\/www.cnajmj.fr\/en\/wp-json\/wp\/v2\/ecoute"}],"about":[{"href":"https:\/\/www.cnajmj.fr\/en\/wp-json\/wp\/v2\/types\/ecoute"}],"wp:featuredmedia":[{"embeddable":true,"href":"https:\/\/www.cnajmj.fr\/en\/wp-json\/wp\/v2\/media\/12575"}],"wp:attachment":[{"href":"https:\/\/www.cnajmj.fr\/en\/wp-json\/wp\/v2\/media?parent=13314"}],"wp:term":[{"taxonomy":"categorie-ecoutes","embeddable":true,"href":"https:\/\/www.cnajmj.fr\/en\/wp-json\/wp\/v2\/categorie-ecoutes?post=13314"}],"curies":[{"name":"wp","href":"https:\/\/api.w.org\/{rel}","templated":true}]}}