{"id":13315,"date":"2020-10-06T16:21:00","date_gmt":"2020-10-06T16:21:00","guid":{"rendered":"https:\/\/www.cnajmj.fr\/ecoute\/mavic-reprise-bourrelier-group\/"},"modified":"2020-10-06T16:21:00","modified_gmt":"2020-10-06T16:21:00","slug":"mavic-reprise-bourrelier-group","status":"publish","type":"ecoute","link":"https:\/\/www.cnajmj.fr\/en\/ecoute\/mavic-reprise-bourrelier-group\/","title":{"rendered":"Mavic, une reprise solide par Bourrelier Group\u2026 juste avant le Tour de France"},"content":{"rendered":"\n<p><mark style=\"background-color:rgba(0, 0, 0, 0)\" class=\"has-inline-color has-vivid-red-color\">Une belle histoire, celle de la reprise de Mavic, leader mondial de la roue et de la jante de v\u00e9lo depuis 1889 et connue du grand public pour ses c\u00e9l\u00e8bres voitures jaunes d\u2019assistance technique lors du Tour de France.<\/mark><\/p>\n\n\n\n<p>L\u2019aventure de ce groupe plus que centenaire, aurait pu s\u2019arr\u00eater il y a quelques mois, apr\u00e8s un placement en redressement judiciaire. Mais gr\u00e2ce au travail des administrateurs judiciaires, Mavic trouve finalement un repreneur en juillet 2020. C\u2019est la proposition de Bourrelier Group, anciennement propri\u00e9taire des magasins de bricolage Bricorama, qui a \u00e9t\u00e9 retenue le 21 juillet 2020. Un nouveau d\u00e9part pour le groupe et pour ses \u00e9quipes, qui se sont imm\u00e9diatement mis au service de l\u2019\u00e9dition 2020 du Tour de France pour la 43e ann\u00e9e, apportant leur engagement, leurs comp\u00e9tences et leur professionnalisme, tout au long des diff\u00e9rentes \u00e9tapes.<\/p>\n\n\n\n<p>L\u2019objectif annonc\u00e9 par ses deux directeurs g\u00e9n\u00e9raux, Yoann et Jean-Michel Bourrelier, est clair : \u00ab redonner \u00e0 Mavic son leadership technologique mondial sur les jantes et roues de v\u00e9lo. Mavic n\u2019a cess\u00e9 depuis sa cr\u00e9ation d\u2019\u00eatre un pr\u00e9curseur mondial dans le d\u00e9veloppement des meilleures technologies, depuis les premi\u00e8res roues en 1889, les premi\u00e8res jantes en aluminium en 1934, jusqu\u2019au roues \u00ab tubeless \u00bb 100 % carbone actuellement. Ce savoir-faire unique au monde et bas\u00e9 en France doit \u00eatre pr\u00e9serv\u00e9 et poursuivi !&nbsp;\u00bb.<\/p>\n\n\n\n<p>Pour les administrateurs judiciaires en charge du dossier :&nbsp;\u00ab Mavic a suscit\u00e9 beaucoup d\u2019enthousiasme au lancement de l\u2019appel d\u2019offres de reprise avec 90 candidatures au d\u00e9part de la course, ramen\u00e9es \u00e0 14 offres sur la fin, puis le choix de Bourrelier Group \u00e0 l\u2019arriv\u00e9e. Bourrelier Group a re\u00e7u la pr\u00e9f\u00e9rence du personnel et a montr\u00e9 la solidit\u00e9 financi\u00e8re n\u00e9cessaire pour garantir le rachat et le red\u00e9ploiement de cette belle marque sportive&nbsp;\u00bb.<\/p>\n","protected":false},"featured_media":12575,"template":"","categorie-ecoutes":[42],"class_list":["post-13315","ecoute","type-ecoute","status-publish","has-post-thumbnail","hentry","categorie-ecoutes-les-belles-histoires-engl"],"acf":[],"publishpress_future_workflow_manual_trigger":{"enabledWorkflows":[]},"_links":{"self":[{"href":"https:\/\/www.cnajmj.fr\/en\/wp-json\/wp\/v2\/ecoute\/13315","targetHints":{"allow":["GET"]}}],"collection":[{"href":"https:\/\/www.cnajmj.fr\/en\/wp-json\/wp\/v2\/ecoute"}],"about":[{"href":"https:\/\/www.cnajmj.fr\/en\/wp-json\/wp\/v2\/types\/ecoute"}],"wp:featuredmedia":[{"embeddable":true,"href":"https:\/\/www.cnajmj.fr\/en\/wp-json\/wp\/v2\/media\/12575"}],"wp:attachment":[{"href":"https:\/\/www.cnajmj.fr\/en\/wp-json\/wp\/v2\/media?parent=13315"}],"wp:term":[{"taxonomy":"categorie-ecoutes","embeddable":true,"href":"https:\/\/www.cnajmj.fr\/en\/wp-json\/wp\/v2\/categorie-ecoutes?post=13315"}],"curies":[{"name":"wp","href":"https:\/\/api.w.org\/{rel}","templated":true}]}}