{"id":13317,"date":"2020-12-06T16:12:00","date_gmt":"2020-12-06T16:12:00","guid":{"rendered":"https:\/\/www.cnajmj.fr\/ecoute\/integrale-prepa-renaissance-ecole\/"},"modified":"2020-12-06T16:12:00","modified_gmt":"2020-12-06T16:12:00","slug":"integrale-prepa-renaissance-ecole","status":"publish","type":"ecoute","link":"https:\/\/www.cnajmj.fr\/en\/ecoute\/integrale-prepa-renaissance-ecole\/","title":{"rendered":"Int\u00e9grale Pr\u00e9pa, la renaissance d\u2019une \u00e9cole"},"content":{"rendered":"\n<p><mark style=\"background-color:rgba(0, 0, 0, 0)\" class=\"has-inline-color has-vivid-red-color\">Apr\u00e8s plusieurs ann\u00e9es de gestion chaotique \u00e0 la suite du d\u00e9c\u00e8s de son fondateur en 2015, Int\u00e9grale Pr\u00e9pa op\u00e8re entre juillet 2017 et juin 2019 une compl\u00e8te transformation, orchestr\u00e9e pendant 2 ans par l\u2019administrateur provisoire.<\/mark><\/p>\n\n\n\n<p>Depuis sa cr\u00e9ation en 1985, Int\u00e9grale Pr\u00e9pa est class\u00e9e parmi les 3 meilleures \u00e9coles pr\u00e9paratoires de France aux grandes \u00e9coles de commerce (HEC, ESSEC, EDHEC\u2026). En 2015, \u00e0 la mort de son fondateur Victor Raccat, des divergences importantes entre actionnaires emp\u00eachent la bonne gestion de l\u2019entreprise.<\/p>\n\n\n\n<p>L\u2019intervention d\u2019une administratrice judiciaire, nomm\u00e9e&nbsp;administrateur provisoire, va donner un nouvel \u00e9lan \u00e0 l\u2019entreprise et lui permettre d\u2019assurer sa p\u00e9rennit\u00e9. Remise \u00e0 plat de la comptabilit\u00e9 et du syst\u00e8me de gestion, remise en conformit\u00e9 des contrats, changement du syst\u00e8me informatique et formation du personnel, refonte du bloc marque et de la communication, site internet r\u00e9nov\u00e9, pr\u00e9sence renforc\u00e9e au sein des salons \u00e9tudiants : l\u2019entreprise retrouve un \u00e9lan et une visibilit\u00e9 sous l\u2019impulsion de son administrateur. Enfin, la r\u00e9novation de l\u2019internat de l\u2019\u00e9cole lui permet de recr\u00e9er cette atmosph\u00e8re familiale et pr\u00e9venante que souhaitait la famille Raccat.<\/p>\n\n\n\n<p>Le 7 juin 2019, le tribunal de commerce de Paris redonne les manettes \u00e0 l\u2019actionnaire familial. Antoine Raccat, l\u2019h\u00e9ritier et fils du fondateur, peut ainsi continuer la mission de son p\u00e8re, pr\u00e9parer au mieux les \u00e9l\u00e8ves aux concours des grandes \u00e9coles.<\/p>\n","protected":false},"featured_media":12575,"template":"","categorie-ecoutes":[42],"class_list":["post-13317","ecoute","type-ecoute","status-publish","has-post-thumbnail","hentry","categorie-ecoutes-les-belles-histoires-engl"],"acf":[],"publishpress_future_workflow_manual_trigger":{"enabledWorkflows":[]},"_links":{"self":[{"href":"https:\/\/www.cnajmj.fr\/en\/wp-json\/wp\/v2\/ecoute\/13317","targetHints":{"allow":["GET"]}}],"collection":[{"href":"https:\/\/www.cnajmj.fr\/en\/wp-json\/wp\/v2\/ecoute"}],"about":[{"href":"https:\/\/www.cnajmj.fr\/en\/wp-json\/wp\/v2\/types\/ecoute"}],"wp:featuredmedia":[{"embeddable":true,"href":"https:\/\/www.cnajmj.fr\/en\/wp-json\/wp\/v2\/media\/12575"}],"wp:attachment":[{"href":"https:\/\/www.cnajmj.fr\/en\/wp-json\/wp\/v2\/media?parent=13317"}],"wp:term":[{"taxonomy":"categorie-ecoutes","embeddable":true,"href":"https:\/\/www.cnajmj.fr\/en\/wp-json\/wp\/v2\/categorie-ecoutes?post=13317"}],"curies":[{"name":"wp","href":"https:\/\/api.w.org\/{rel}","templated":true}]}}