{"id":13318,"date":"2020-12-06T16:06:00","date_gmt":"2020-12-06T16:06:00","guid":{"rendered":"https:\/\/www.cnajmj.fr\/ecoute\/cosma-parfumeries-sauvetage-tpe-francaise\/"},"modified":"2020-12-06T16:06:00","modified_gmt":"2020-12-06T16:06:00","slug":"cosma-parfumeries-sauvetage-tpe-francaise","status":"publish","type":"ecoute","link":"https:\/\/www.cnajmj.fr\/en\/ecoute\/cosma-parfumeries-sauvetage-tpe-francaise\/","title":{"rendered":"Cosma Parfumeries, Sauvetage d\u2019une TPE fran\u00e7aise"},"content":{"rendered":"\n<p><mark style=\"background-color:rgba(0, 0, 0, 0)\" class=\"has-inline-color has-vivid-red-color\">Au 22 janvier 2020, au moment de l\u2019ouverture de la proc\u00e9dure de redressement judiciaire, la soci\u00e9t\u00e9 Cosma Parfumeries devait faire face \u00e0 un march\u00e9 hautement concentr\u00e9 avec des acteurs de taille importante disposant d\u2019une forte capacit\u00e9 \u00e0 imposer des prix bas alors qu\u2019elle avait accumul\u00e9 un passif estim\u00e9 tr\u00e8s significatif, \u00e0 hauteur de 2,6 millions d\u2019euros.<\/mark><\/p>\n\n\n\n<p>Le contexte particulier de la crise sanitaire, pesant sur le dynamisme du secteur tout entier, renfor\u00e7ait les incertitudes li\u00e9es au rebond de l\u2019activit\u00e9. Cependant, les d\u00e9marches proactives du dirigeant, en vue de promouvoir l\u2019attractivit\u00e9 de Cosma Parfumeries, entreprises en amont de l\u2019ouverture&nbsp; de la proc\u00e9dure, ont permis de susciter l\u2019int\u00e9r\u00eat d\u2019un industriel, sp\u00e9cialiste du m\u00eame secteur, quant \u00e0 la reprise des titres de la soci\u00e9t\u00e9, en vue de la pr\u00e9sentation d\u2019un projet de plan de redressement au Tribunal de commerce de Nanterre.<\/p>\n\n\n\n<p>En parall\u00e8le des discussions qu\u2019il a poursuivies tout au long de la proc\u00e9dure avec cet investisseur potentiel, l\u2019administrateur judiciaire d\u00e9sign\u00e9 s\u2019est employ\u00e9 \u00e0 cr\u00e9er des conditions de reprise des titres favorables, en sollicitant notamment la constitution des comit\u00e9s de cr\u00e9anciers et, en particulier, du comit\u00e9 des principaux fournisseurs, alors m\u00eame que les seuils l\u00e9galement pr\u00e9vus \u00e0 cet effet n\u2019\u00e9taient pas atteints.<\/p>\n\n\n\n<p>Aussi, la collaboration en bonne intelligence des organes de la proc\u00e9dure, l\u2019investissement personnel du dirigeant, ainsi que le soutien du tiers investisseur, notamment impliqu\u00e9 dans la pr\u00e9sentation du projet industriel, \u00e9labor\u00e9 avec les \u00e9quipes en place, aux membres du comit\u00e9 des principaux fournisseurs, ont contribu\u00e9 \u00e0 l\u2019abandon par les principaux fournisseurs, \u00e0 l\u2019unanimit\u00e9 des votants, ceux-ci ayant choisi de privil\u00e9gier la poursuite future des relations commerciales entretenues avec la soci\u00e9t\u00e9, de 70&nbsp;% de leurs cr\u00e9ances contre paiement \u00e0 l\u2019adoption de 30&nbsp;% du solde.<\/p>\n\n\n\n<p>En d\u00e9finitive, la mise en \u0153uvre de cette solution de reprise dans le cadre d\u2019un projet de plan de redressement, en sus d\u2019assurer la p\u00e9rennit\u00e9 de l\u2019entreprise et des emplois qui s\u2019y rattachent a permis de satisfaire&nbsp;<strong>1\u2022<\/strong>&nbsp;le tiers investisseur par la priorit\u00e9 donn\u00e9e par la loi \u00e0 un tel projet de plan de redressement, par rapport \u00e0 un projet de plan de cession s\u2019accompagnant n\u00e9cessairement d\u2019un appel d\u2019offres et la diminution d\u2019une partie significative du passif \u00e0 rembourser dans le cadre du plan et&nbsp;<strong>2\u2022&nbsp;<\/strong>les cr\u00e9anciers fournisseurs, compte tenu de la reprise de la soci\u00e9t\u00e9 par un tiers capable de servir la dette selon les modalit\u00e9s du plan de redressement, alors que leur position de cr\u00e9anciers chirographaires n\u2019aurait peut-\u00eatre pas permis de les d\u00e9sint\u00e9resser avec un prix de cession.<\/p>\n","protected":false},"featured_media":12575,"template":"","categorie-ecoutes":[42],"class_list":["post-13318","ecoute","type-ecoute","status-publish","has-post-thumbnail","hentry","categorie-ecoutes-les-belles-histoires-engl"],"acf":[],"publishpress_future_workflow_manual_trigger":{"enabledWorkflows":[]},"_links":{"self":[{"href":"https:\/\/www.cnajmj.fr\/en\/wp-json\/wp\/v2\/ecoute\/13318","targetHints":{"allow":["GET"]}}],"collection":[{"href":"https:\/\/www.cnajmj.fr\/en\/wp-json\/wp\/v2\/ecoute"}],"about":[{"href":"https:\/\/www.cnajmj.fr\/en\/wp-json\/wp\/v2\/types\/ecoute"}],"wp:featuredmedia":[{"embeddable":true,"href":"https:\/\/www.cnajmj.fr\/en\/wp-json\/wp\/v2\/media\/12575"}],"wp:attachment":[{"href":"https:\/\/www.cnajmj.fr\/en\/wp-json\/wp\/v2\/media?parent=13318"}],"wp:term":[{"taxonomy":"categorie-ecoutes","embeddable":true,"href":"https:\/\/www.cnajmj.fr\/en\/wp-json\/wp\/v2\/categorie-ecoutes?post=13318"}],"curies":[{"name":"wp","href":"https:\/\/api.w.org\/{rel}","templated":true}]}}