{"id":13321,"date":"2021-11-23T15:48:00","date_gmt":"2021-11-23T15:48:00","guid":{"rendered":"https:\/\/www.cnajmj.fr\/ecoute\/corsair-secteur-aerien-concilitiation-crise\/"},"modified":"2021-11-23T15:48:00","modified_gmt":"2021-11-23T15:48:00","slug":"corsair-secteur-aerien-concilitiation-crise","status":"publish","type":"ecoute","link":"https:\/\/www.cnajmj.fr\/en\/ecoute\/corsair-secteur-aerien-concilitiation-crise\/","title":{"rendered":"Corsair, une conciliation ouverte suffisamment t\u00f4t pour surmonter la crise"},"content":{"rendered":"\n<p><mark style=\"background-color:rgba(0, 0, 0, 0)\" class=\"has-inline-color has-vivid-red-color\">Alors que le secteur a\u00e9rien est durement touch\u00e9 par la crise, la compagnie Corsair b\u00e9n\u00e9ficie d\u2019une nouvelle perspective d\u2019avenir apr\u00e8s avoir ouvert, d\u00e8s le premier confinement, une proc\u00e9dure de mandat ad hoc puis de conciliation.<\/mark><\/p>\n\n\n\n<p>Le protocole de la proc\u00e9dure de m\u00e9diation vient d\u2019\u00eatre homologu\u00e9 apr\u00e8s avoir dur\u00e9 8 mois gr\u00e2ce aux mesures d\u2019allongement des d\u00e9lais de proc\u00e9dure. L\u2019important travail de m\u00e9diation, r\u00e9alis\u00e9 par le conciliateur dans ce cadre amiable et sur la dur\u00e9e, a permis de recr\u00e9er une convergence d\u2019int\u00e9r\u00eats entre de nombreuses parties prenantes (\u00c9tat, actionnaires, investisseurs, salari\u00e9s, syndicats, Commission Europ\u00e9enne\u2026) pour assurer la p\u00e9rennit\u00e9 de cet actif majeur de l\u2019aviation et la sauvegarde de ses 1000 emplois.<\/p>\n\n\n\n<p>Corsair a d\u00e9sormais les moyens de traverser la crise et de poursuivre la mise en \u0153uvre de son plan strat\u00e9gique.<\/p>\n\n\n\n<p>Corsair a annonc\u00e9 avoir conclu un protocole de conciliation avec l\u2019\u00c9tat, ses actionnaires et un consortium d\u2019investisseurs r\u00e9unissant des entrepreneurs du secteur du tourisme et de l\u2019h\u00f4tellerie, principalement bas\u00e9s aux Antilles et \u00e0 la R\u00e9union et des collectivit\u00e9s territoriales.<\/p>\n\n\n\n<p>Le protocole homologu\u00e9 le 17 d\u00e9cembre par le Tribunal de Commerce de Cr\u00e9teil pr\u00e9voit une contribution financi\u00e8re globale de pr\u00e8s de 300 M \u20ac devant permettre \u00e0 Corsair de se restructurer et de se d\u00e9velopper.<\/p>\n\n\n\n<p><strong>Le consortium d\u2019investisseurs, qui devient actionnaire \u00e0 100&nbsp;%, va jouer un r\u00f4le d\u00e9terminant dans le succ\u00e8s de Corsair.<\/strong><\/p>\n\n\n\n<p>Cette reprise permettra de garantir l\u2019avenir de la compagnie, la p\u00e9rennit\u00e9 de ses plus de 1 000 emplois et la concurrence sur le march\u00e9 de la desserte des territoires d\u2019Outre-Mer.<\/p>\n\n\n\n<p>L\u2019accord a \u00e9t\u00e9 homologu\u00e9 car il remplissait les 3 conditions suivantes impos\u00e9es par l\u2019article L.&nbsp;611-8 du Code du Commerce : la soci\u00e9t\u00e9 n\u2019est pas en cessation des paiements ; les termes de l\u2019accord sont de nature \u00e0 assurer la p\u00e9rennit\u00e9 de l\u2019entreprise ; et les accords ne portent pas atteinte aux int\u00e9r\u00eats des cr\u00e9anciers non-signataires.<\/p>\n\n\n\n<p><strong>L\u2019\u00c9tat sera attentif au respect des engagements de l\u2019ensemble des parties prenantes<\/strong><\/p>\n\n\n\n<p>Dans un Communiqu\u00e9 du minist\u00e8re des Finances, le gouvernement salue \u00ab cette annonce de sauvetage de la compagnie dans le contexte de crise profonde de l\u2019a\u00e9rien \u00bb. Il sera attentif \u00ab au respect des engagements de l\u2019ensemble des parties prenantes et \u00e0 la mise en \u0153uvre du plan de transformation ambitieux de l\u2019entreprise con\u00e7u pour que la compagnie puisse retrouver un haut niveau de rentabilit\u00e9. Il salue \u00e0 ce titre d\u00e8s \u00e0 pr\u00e9sent les efforts faits par les salari\u00e9s de la compagnie pour faciliter la reprise gr\u00e2ce \u00e0 des accords de performance et de r\u00e9duction des co\u00fbts \u00bb.<\/p>\n\n\n\n<p><strong>Coup de chapeau aux mesures Covid qui ont rallong\u00e9 les d\u00e9lais de proc\u00e9dures et ont permis le sauvetage de Corsair<\/strong><\/p>\n\n\n\n<p>Face au grand nombre de parties prenantes qu\u2019il a fallu coordonner (une trentaine environ dont une quinzaine d\u2019investisseurs), le conciliateur ne manque pas aussi de f\u00e9liciter \u00ab les mesures adapt\u00e9es aux difficult\u00e9s des entreprises du fait de la Covid qui nous ont permis apr\u00e8s un mandat ad hoc d\u2019un mois ouvert en mars, de rester en conci- liation pendant 8 mois jusqu\u2019en d\u00e9cembre pour avoir le temps de mener \u00e0 bien cette transaction complexe que seule la conciliation permettait en assurant \u00e0 tous le caract\u00e8re global coordonn\u00e9 et concomitant des efforts. \u00bb<\/p>\n\n\n\n<p><strong>Corsair peut d\u00e9sormais poursuivre son projet strat\u00e9gique pour devenir LA compagnie des Outre-mer<\/strong><\/p>\n\n\n\n<p>Pascal de Izaguirre, Pr\u00e9sident Directeur G\u00e9n\u00e9ral de Corsair, salue cet accord collectif et remercie \u00ab l\u2019\u00c9tat pour son soutien et l\u2019excellente collaboration avec les Minist\u00e8res concern\u00e9s \u2013 \u00c9conomie, Finances et de la Relance, Transports et Outre-mer notamment. Je me r\u00e9jouis de l\u2019arriv\u00e9e de nouveaux actionnaires qui s\u2019engagent \u00e0 nos c\u00f4t\u00e9s pour assurer la p\u00e9rennit\u00e9 de Corsair. Notre mission est d\u00e9sormais de faire de Corsair LA compagnie des Outre-mer.&nbsp;\u00bb<\/p>\n","protected":false},"featured_media":12575,"template":"","categorie-ecoutes":[42],"class_list":["post-13321","ecoute","type-ecoute","status-publish","has-post-thumbnail","hentry","categorie-ecoutes-les-belles-histoires-engl"],"acf":[],"publishpress_future_workflow_manual_trigger":{"enabledWorkflows":[]},"_links":{"self":[{"href":"https:\/\/www.cnajmj.fr\/en\/wp-json\/wp\/v2\/ecoute\/13321","targetHints":{"allow":["GET"]}}],"collection":[{"href":"https:\/\/www.cnajmj.fr\/en\/wp-json\/wp\/v2\/ecoute"}],"about":[{"href":"https:\/\/www.cnajmj.fr\/en\/wp-json\/wp\/v2\/types\/ecoute"}],"wp:featuredmedia":[{"embeddable":true,"href":"https:\/\/www.cnajmj.fr\/en\/wp-json\/wp\/v2\/media\/12575"}],"wp:attachment":[{"href":"https:\/\/www.cnajmj.fr\/en\/wp-json\/wp\/v2\/media?parent=13321"}],"wp:term":[{"taxonomy":"categorie-ecoutes","embeddable":true,"href":"https:\/\/www.cnajmj.fr\/en\/wp-json\/wp\/v2\/categorie-ecoutes?post=13321"}],"curies":[{"name":"wp","href":"https:\/\/api.w.org\/{rel}","templated":true}]}}