{"id":13328,"date":"2020-10-20T19:41:00","date_gmt":"2020-10-20T19:41:00","guid":{"rendered":"https:\/\/www.cnajmj.fr\/ecoute\/interview-de-louis-marguerite\/"},"modified":"2020-10-20T19:41:00","modified_gmt":"2020-10-20T19:41:00","slug":"interview-de-louis-marguerite","status":"publish","type":"ecoute","link":"https:\/\/www.cnajmj.fr\/en\/ecoute\/interview-de-louis-marguerite\/","title":{"rendered":"Interview de Louis Marguerite"},"content":{"rendered":"\n<p><em>Vous \u00eates secr\u00e9taire g\u00e9n\u00e9ral du CIRI depuis maintenant deux ans, pouvez-vous \u00e0 ce stade \u00e9tablir un premier bilan de votre exp\u00e9rience ?<\/em><\/p>\n\n\n\n<p>C\u2019est une exp\u00e9rience formidable et unique, une vraie chance dans une carri\u00e8re professionnelle que d\u2019exercer cette fonction. Elle est aussi stimulante que passionnante et extr\u00eamement riche, tant sur le plan intellectuel que sur le plan humain. Ce genre d\u2019exp\u00e9rience o\u00f9 il faut \u00eatre \u00e0 la hauteur de la confiance qui vous est donn\u00e9e.<\/p>\n\n\n\n<p>Le CIRI est une institution reconnue depuis pr\u00e8s de quatre d\u00e9cennies et qui a su s\u2019adapter aux \u00e9poques tout en gar- dant l\u2019esprit qui a pr\u00e9c\u00e9d\u00e9 \u00e0 sa cr\u00e9ation : garantir l\u2019int\u00e9r\u00eat g\u00e9n\u00e9ral et l\u2019int\u00e9r\u00eat de la puissance publique dans des situations de tensions financi\u00e8res. Notre action quotidienne et confidentielle, a pour but d\u2019\u00e9pauler les Ministres, sou- vent interpell\u00e9s, sur des dossiers \u00e0 enjeux \u00e9conomiques, sociaux lourds et complexes qu\u2019il faut savoir traiter avec sang-froid, rationalit\u00e9 et pragmatisme. <\/p>\n\n\n\n<p>La crise que nous traversons donne au CIRI la possibilit\u00e9 d\u2019exprimer sa raison d\u2019\u00eatre : une institution du Gouverne- ment au service des entreprises, des emplois et de l\u2019activit\u00e9 \u00e9conomique.<\/p>\n\n\n\n<p><em>La France a \u00e9t\u00e9 confin\u00e9e pendant plus de 2 mois, comment avez-vous v\u00e9cu le confinement ? Dans quelle mesure l\u2019activit\u00e9 du CIRI a \u00e9t\u00e9 affect\u00e9e ?<\/em><\/p>\n\n\n\n<p>Notre engagement et notre mobilisation furent totales et mon \u00e9quipe a fait preuve de beaucoup de courage et d\u2019ab- n\u00e9gation pendant cette p\u00e9riode \u00e9prouvante et historique. Alors que la moiti\u00e9 de l\u2019humanit\u00e9 se confinait en rentrant chez soi, tout le pays nous attendait sur la r\u00e9ponse \u00e0 apporter \u00e0 cette crise d\u2019ampleur.<\/p>\n\n\n\n<p>Il fallait que l\u2019\u00c9tat intervienne vite, massivement et sans ambigu\u00eft\u00e9. Nous avons, aux c\u00f4t\u00e9s de toutes les forces mobilis\u00e9es \u00e0 Bercy, \u00e9t\u00e9 en premi\u00e8re ligne pour mettre au point et mettre en \u0153uvre les dispositifs et le PGE et traiter les nombreuses entreprises qui s\u2019adressaient \u00e0 nous. Il fallait \u00eatre r\u00e9actif, traiter les dossiers par ordre de priorit\u00e9, se forger une doctrine sur l\u2019utilisation du PGE, autant de chantiers qui nous mobilisent encore aujourd\u2019hui. Nous avons d\u00e9j\u00e0 trait\u00e9 plus de 45 dossiers, soit davantage que pendant une ann\u00e9e charg\u00e9e et celle-ci n\u2019est pas encore finie.<\/p>\n\n\n\n<p><em>Quelles relations entretenez-vous avec la profession d\u2019AJMJ lorsque vous travaillez conjointement sur un dossier ?<\/em><\/p>\n\n\n\n<p>En un mot, elles sont excellentes. La relation CIRI\/AJMJ est la cl\u00e9 pour la r\u00e9ussite d\u2019un dossier. La bonne entente et la fluidit\u00e9 du bin\u00f4me sont primordiales pour assurer une m\u00e9diation efficace, dans des environnements humainement souvent d\u00e9grad\u00e9s. Ce n\u2019est d\u2019ailleurs pas surprenant car nos missions se recoupent assez largement. La seule chose qui peut faire l\u2019objet de d\u00e9bats, c\u2019est le traitement des cr\u00e9ances publiques !<\/p>\n\n\n\n<p><em>Comment percevez-vous la fonction d\u2019AJMJ ? Comment envisagez-vous l\u2019avenir de la profession en particulier dans la cadre de la transposition de la nouvelle directive ?<\/em><\/p>\n\n\n\n<p>J\u2019ai d\u00e9couvert cette profession \u00e0 l\u2019occasion de ma prise de fonction et j\u2019ai d\u00e9couvert \u00e0 quel point elle \u00e9tait riche, diverse et faisait appel \u00e0 de nombreuses comp\u00e9tences, \u00ab hard \u00bb comme le droit et \u00ab soft \u00bb comme l\u2019art de la n\u00e9gociation.<\/p>\n\n\n\n<p>Elle gagnerait sans doute encore davantage \u00e0 \u00eatre connue car elle rel\u00e8ve d\u2019une mission qui fait sens : le sauvetage des entreprises et des emplois, un objectif qui doit \u00eatre collectif pour les mois qui viennent.<\/p>\n\n\n\n<p>S\u2019agissant de l\u2019avenir et en particulier de la transposition de la directive, je nous promets de beaux d\u00e9bats sur la constitution des classes de cr\u00e9anciers. Il va falloir se donner quelques principes \u00e0 fixer dans la loi et le r\u00e8glement et apprendre en marchant. Les professionnels joueront un r\u00f4le majeur sur cette modification du cadre, qui sans changer fondamentalement de paradigme, pourra modifier le comportement des acteurs.<\/p>\n\n\n\n<p><em>Beaucoup \u00e9voquent les effets d\u00e9vastateurs de la crise \u00e9conomique \u00e0 venir suite \u00e0 la crise sanitaire, \u00ab une crise globale \u00bb, \u00ab la plus importante depuis la guerre \u00bb. Quelle est votre vision personnelle de la crise post-confinement ?<\/em><\/p>\n\n\n\n<p>Je me garderai bien de jugement h\u00e2tif et trop conclusif, mais ce que je retiens c\u2019est qu\u2019il s\u2019agit d\u2019une crise tota- lement nouvelle et in\u00e9dite, car le monde moderne n\u2019avait jamais exp\u00e9riment\u00e9 le blocage contraint d\u2019une aussi grande partie de l\u2019\u00e9conomie. Elle est en cela sans pr\u00e9c\u00e9dent. Ses cons\u00e9quences sont encore difficiles \u00e0 \u00e9valuer, mais si je devais retenir trois th\u00e8mes : diversit\u00e9, progressivit\u00e9 et incertitude :<\/p>\n\n\n\n<p><strong>Diversit\u00e9 : <\/strong>les dommages inflig\u00e9s \u00e0 l\u2019\u00e9conomie seront tr\u00e8s variables selon les secteurs et il est d\u2019ailleurs assez vrai- semblable qu\u2019il y ait aussi des secteurs et des entreprises qui en tirent profit, et heureusement.<\/p>\n\n\n\n<p><strong>Progressivit\u00e9 : <\/strong>les mauvaises nouvelles viendront au fur et \u00e0 mesure des obstacles : la fin des moratoires bancaires, les premi\u00e8res \u00e9ch\u00e9ances de remboursements de PGE, la cl\u00f4ture des comptes annuels.<\/p>\n\n\n\n<p><strong>Incertitude : <\/strong>comme avec le virus, il va falloir vivre avec plus d\u2019incertitude sur les hypoth\u00e8ses de travail de nos business plans. Personne ne peut r\u00e9ellement pr\u00e9voir l\u2019\u00e9vo- lution de certains march\u00e9s et il va falloir pourtant s\u2019engager aux c\u00f4t\u00e9s des entreprises.<\/p>\n\n\n\n<p><strong>Mais avant de tirer le bilan, il faut surtout aller de l\u2019avant, retrousser nos manches et nous engager sans condition pour soutenir l\u2019\u00e9conomie du pays.<\/strong><\/p>\n","protected":false},"featured_media":12354,"template":"","categorie-ecoutes":[39],"class_list":["post-13328","ecoute","type-ecoute","status-publish","has-post-thumbnail","hentry","categorie-ecoutes-interview-english"],"acf":[],"publishpress_future_workflow_manual_trigger":{"enabledWorkflows":[]},"_links":{"self":[{"href":"https:\/\/www.cnajmj.fr\/en\/wp-json\/wp\/v2\/ecoute\/13328","targetHints":{"allow":["GET"]}}],"collection":[{"href":"https:\/\/www.cnajmj.fr\/en\/wp-json\/wp\/v2\/ecoute"}],"about":[{"href":"https:\/\/www.cnajmj.fr\/en\/wp-json\/wp\/v2\/types\/ecoute"}],"wp:featuredmedia":[{"embeddable":true,"href":"https:\/\/www.cnajmj.fr\/en\/wp-json\/wp\/v2\/media\/12354"}],"wp:attachment":[{"href":"https:\/\/www.cnajmj.fr\/en\/wp-json\/wp\/v2\/media?parent=13328"}],"wp:term":[{"taxonomy":"categorie-ecoutes","embeddable":true,"href":"https:\/\/www.cnajmj.fr\/en\/wp-json\/wp\/v2\/categorie-ecoutes?post=13328"}],"curies":[{"name":"wp","href":"https:\/\/api.w.org\/{rel}","templated":true}]}}