{"id":13330,"date":"2020-12-20T19:36:12","date_gmt":"2020-12-20T19:36:12","guid":{"rendered":"https:\/\/www.cnajmj.fr\/ecoute\/questions-a-alain-griset-ministre-delegue-charge-des-pme\/"},"modified":"2020-12-20T19:36:12","modified_gmt":"2020-12-20T19:36:12","slug":"questions-a-alain-griset-ministre-delegue-charge-des-pme","status":"publish","type":"ecoute","link":"https:\/\/www.cnajmj.fr\/en\/ecoute\/questions-a-alain-griset-ministre-delegue-charge-des-pme\/","title":{"rendered":"Questions \u00e0 Alain Griset, Ministre d\u00e9l\u00e9gu\u00e9, charg\u00e9 des PME"},"content":{"rendered":"\n<p><em>Monsieur le Ministre, vous prenez vos fonctions au beau milieu d\u2019une crise sanitaire sans pr\u00e9c\u00e9dent, qui est d\u2019ores-et-d\u00e9j\u00e0 devenue une crise \u00e9conomique aigu\u00eb : dans ce contexte, extr\u00eamement compliqu\u00e9, quelles sont vos principales priorit\u00e9s d\u2019action ?<\/em><\/p>\n\n\n\n<p>Au regard du contexte particulier dans lequel nous sommes, avec Bruno Le Maire, la priorit\u00e9 est de poursuivre l\u2019accompagnement des entreprises les plus durement touch\u00e9es par la crise comme celles qui sont encore ferm\u00e9es, les restaurants, les salles de sport ou celles dont l\u2019activit\u00e9 est fortement impact\u00e9e comme c\u2019est le cas pour les entreprises de l\u2019\u00e9v\u00e9nementiel. Notre objectif sera de leur permettre de retrouver au mieux le chemin de la reprise d\u2019activit\u00e9. Par ailleurs, je compte \u00e9galement acc\u00e9l\u00e9rer le travail de fond, que je m\u00e8ne avec mon \u00e9quipe depuis ma nomination, de simplification et d\u2019am\u00e9lioration de l\u2019environnement global des entreprises.<\/p>\n\n\n\n<p><em>Vous avez une longue exp\u00e9rience d\u2019entrepreneur et de responsable syndical : quelle est votre vision des juridictions commerciales et du r\u00f4le des administrateurs judiciaires et des mandataires judiciaires au service des petites et moyennes entreprises ?<\/em><\/p>\n\n\n\n<p>Les TPE et les PME ont besoin d\u2019\u00eatre accompagn\u00e9es et conseill\u00e9es tout au long de leur d\u00e9veloppement, c\u2019est primordial pour anticiper leurs difficult\u00e9s. Lorsqu\u2019un chef d\u2019entreprise franchit la porte d\u2019une juridiction commerciale, bien souvent il consid\u00e8re que cette \u00e9tape va le conduire fatalement \u00e0 la liquidation judiciaire. C\u2019est bien \u00e9videmment faux et il est m\u00e9connu que <strong>l\u2019une des missions des tribunaux de commerce mais aussi des tribunaux judiciaires, n\u2019est pas de condamner, mais bien d\u2019accompagner les entrepreneurs, les artisans, les commer\u00e7ants, pour les aider \u00e0 sortir de situations \u00e9conomiques difficiles<\/strong>.<\/p>\n\n\n\n<p>Cette vision fauss\u00e9e est un enjeu que nous avons bien identifi\u00e9 avec le Garde des Sceaux. Nous avons donc ins- tall\u00e9 le 5 octobre dernier \u00ab la mission justice \u00e9conomique \u00bb, laquelle a \u00e9t\u00e9 confi\u00e9e \u00e0 Georges Richelme, pr\u00e9sident de la conf\u00e9rence g\u00e9n\u00e9rale des juges consulaires de France. Son objectif est d\u2019\u00e9tablir un \u00e9tat des lieux de l\u2019ensemble des pratiques actuellement mises en \u0153uvre, dans le cadre judiciaire ou hors de ce cadre pour les entreprises en difficult\u00e9s. Les recommandations de cette mission sont attendues pour mi-janvier 2021. <strong>Quant aux administra- teurs judiciaires et aux mandataires judiciaires, je tiens \u00e0 souligner leur travail remarquable depuis le d\u00e9but de la crise sanitaire<\/strong>. Leur implication a \u00e9t\u00e9 sans faille gr\u00e2ce \u00e0 une pr\u00e9sence constante sur le terrain aupr\u00e8s des entreprises ce qui a permis de pr\u00e9server leur activit\u00e9. Ils auront donc un r\u00f4le important dans l\u2019accompagnement des entreprises notamment afin qu\u2019elles se saisissent aux mieux des opportunit\u00e9s du Plan de Relance.<\/p>\n\n\n\n<p>Dans le contexte de crise, certains pronostiqueurs imprudents pr\u00e9voyaient une vague de faillites, un tsunami de proc\u00e9dures collectives. On voit qu\u2019il n\u2019en est rien, gr\u00e2ce \u00e0 la grande efficacit\u00e9 des mesures <strong><em>de soutien \u00e0 l\u2019\u00e9conomie prises par le Gouvernement d\u00e8s avril dernier et, qu\u2019au contraire, la r\u00e9gression du nombre de d\u00e9faillance va \u00eatre extr\u00eamement importante en 2020 (probablement entre -40%<\/em><\/strong> et -50%) : quelles sont vos hypoth\u00e8ses de travail en la mati\u00e8re pour 2021 et vos objectifs ?<\/p>\n\n\n\n<p><strong>\u00c0 ce stade, je pr\u00e9f\u00e8re rester prudent mais il est vrai que la vague de faillite que certains annon\u00e7aient apr\u00e8s le premier confinement n\u2019est pas arriv\u00e9e<\/strong>. C\u2019est le r\u00e9sultat de l\u2019ad\u00e9quation et de la solidit\u00e9 des aides de l\u2019Etat qui ont \u00e9t\u00e9 mises en place d\u00e8s le d\u00e9but de la crise et qui ont permis de pr\u00e9server les entreprises.<\/p>\n\n\n\n<p>Nous l\u2019avons vu lors du d\u00e9confinement de cet \u00e9t\u00e9, la reprise \u00e9conomique a \u00e9t\u00e9 bonne et rapide, en ao\u00fbt nous avions retrouv\u00e9 pr\u00e8s de 95% de notre activit\u00e9.<\/p>\n\n\n\n<p>Je reste optimiste quant \u00e0 la r\u00e9silience d\u2019une grande majorit\u00e9 de nos entreprises. Pour les plus fragiles, il sera n\u00e9cessaire qu\u2019elles soient accompagn\u00e9es et que puissent \u00eatre d\u00e9tect\u00e9es en amont les potentielles difficult\u00e9s gr\u00e2ce notamment au programme \u00ab signaux faibles \u00bb. Nous avons d\u2019ores et d\u00e9j\u00e0 enregistr\u00e9 des progr\u00e8s significatifs et je suis convaincu que les conclusions de \u00ab la mission justice \u00e9conomique \u00bb permettront d\u2019aller plus loin dans l\u2019accompagnement de ces entreprises, permettant notamment une meilleure coordination entre les diff\u00e9rents intervenants.<\/p>\n\n\n\n<p><em>Cette forte diminution du nombre d\u2019ouvertures de proc\u00e9dures collectives plonge notre profession dans une crise, elle aussi, sans pr\u00e9c\u00e9dent : quelles sont les mesures que vous pourriez envisager de prendre pour venir au soutien des \u00e9tudes d\u2019AJMJ qui sont fortement impact\u00e9es par cette crise ?<\/em><\/p>\n\n\n\n<p>J\u2019ai bien conscience que cette crise a \u00e9galement un impact sur le fonctionnement et l\u2019activit\u00e9 des \u00e9tudes des administrateurs judiciaires et des mandataires judiciaires. <strong>J\u2019y suis particuli\u00e8rement attentif et reste \u00e0 l\u2019\u00e9coute de cette profession en maintenant un lien fort et constant avec le Conseil National des Administrateurs Judiciaires et des Mandataires Judiciaires<\/strong>.<\/p>\n\n\n\n<p><em>Enfin, Monsieur le Ministre, vous savez que les administrateurs judiciaires et les mandataires judiciaires viennent de lancer une seconde initiative de soutien solidaire aux entreprises, via le N\u00b0 Vert des AJMJ qui a pour objectif de fournir des diagnostics gratuits aux entrepreneurs qui rencontrent des difficult\u00e9s : quel message souhaitez- vous adresser aux administrateurs judiciaires et mandataires judiciaires qui s\u2019engagent ainsi pour apporter leur expertise aux entreprises ?<\/em><\/p>\n\n\n\n<p>Je salue cette initiative qui permet de pr\u00e9venir les difficult\u00e9s par l\u2019\u00e9valuation de la situation des entreprises. Ces diagnostics emportent une orientation et un accompagnement personnalis\u00e9s des chefs d\u2019entreprise, en les aidant notamment \u00e0 se saisir des aides mises en \u0153uvre par le gouvernement.<\/p>\n\n\n\n<p>Dans cette p\u00e9riode que je sais \u00e9prouvante, cet engagement solidaire des administrateurs judiciaires et des mandataires judiciaires aupr\u00e8s des entreprises, est essentiel et je tiens \u00e0 les en remercier.<\/p>\n","protected":false},"featured_media":12353,"template":"","categorie-ecoutes":[39],"class_list":["post-13330","ecoute","type-ecoute","status-publish","has-post-thumbnail","hentry","categorie-ecoutes-interview-english"],"acf":[],"publishpress_future_workflow_manual_trigger":{"enabledWorkflows":[]},"_links":{"self":[{"href":"https:\/\/www.cnajmj.fr\/en\/wp-json\/wp\/v2\/ecoute\/13330","targetHints":{"allow":["GET"]}}],"collection":[{"href":"https:\/\/www.cnajmj.fr\/en\/wp-json\/wp\/v2\/ecoute"}],"about":[{"href":"https:\/\/www.cnajmj.fr\/en\/wp-json\/wp\/v2\/types\/ecoute"}],"wp:featuredmedia":[{"embeddable":true,"href":"https:\/\/www.cnajmj.fr\/en\/wp-json\/wp\/v2\/media\/12353"}],"wp:attachment":[{"href":"https:\/\/www.cnajmj.fr\/en\/wp-json\/wp\/v2\/media?parent=13330"}],"wp:term":[{"taxonomy":"categorie-ecoutes","embeddable":true,"href":"https:\/\/www.cnajmj.fr\/en\/wp-json\/wp\/v2\/categorie-ecoutes?post=13330"}],"curies":[{"name":"wp","href":"https:\/\/api.w.org\/{rel}","templated":true}]}}