{"id":13335,"date":"2021-05-30T14:39:24","date_gmt":"2021-05-30T14:39:24","guid":{"rendered":"https:\/\/www.cnajmj.fr\/ecoute\/interview-de-romain-grau-depute-lrem\/"},"modified":"2021-05-30T14:39:24","modified_gmt":"2021-05-30T14:39:24","slug":"interview-de-romain-grau-depute-lrem","status":"publish","type":"ecoute","link":"https:\/\/www.cnajmj.fr\/en\/ecoute\/interview-de-romain-grau-depute-lrem\/","title":{"rendered":"Interview de Romain Grau d\u00e9put\u00e9 LREM"},"content":{"rendered":"\n<p><strong><em>Monsieur le D\u00e9put\u00e9, vous pr\u00e9sidez depuis deux mois une mission de l\u2019Assembl\u00e9e nationale sur les entreprises en difficult\u00e9 du fait de la crise sanitaire : quels sont, \u00e0 ce stade, les premiers enseignements de votre mission ?<\/em><\/strong><\/p>\n\n\n\n<p>En pr\u00e9ambule, je tiens \u00e0 souligner que cette mission est une mission commune qui regroupe la commission des affaires \u00e9conomiques, la commission des finances et la commission des lois. Elle est constitu\u00e9e de 23 parlementaires issus de tous les groupes. Il s\u2019agit d\u2019une mission structur\u00e9e et importante en nombre. Il est important de le noter car cela symbolise la <strong>prise de conscience des D\u00e9put\u00e9s sur les cons\u00e9quences de la crise sanitaire sur nombre d\u2019entreprises et, plus largement, sur notre \u00e9conomie.<\/strong><\/p>\n\n\n\n<p>\u00c0 ce jour, nous avons d\u00e9j\u00e0 auditionn\u00e9 plus de cent per- sonnes. De ces premi\u00e8res auditions, commence \u00e0 se dessiner un \u00e9tat des lieux de la situation actuelle des entreprises et du tissu \u00e9conomique de nos territoires.<\/p>\n\n\n\n<p>Tous les acteurs \u00e9conomiques sont mobilis\u00e9s et inventifs afin de trouver des solutions pour accompagner, aider, les entreprises \u00e0 faire face \u00e0 cette crise sans pr\u00e9c\u00e9dent. Ils remontent \u00e9galement que l\u2019\u00c9tat et le Gouvernement ont su r\u00e9pondre rapidement au plus grand nombre de demandes et qu\u2019ils ont su s\u2019adapter pour traiter celles qui sortaient des dispositifs.<\/p>\n\n\n\n<p><strong>Toutefois, les craintes quant \u00e0 l\u2019avenir sont grandes et notamment pour faire face \u00e0 des dettes importantes et qui se sont accrues pendant la crise<\/strong>.<\/p>\n\n\n\n<p><strong><em>Comment avez-vous per\u00e7u l\u2019action du Conseil national et des administrateurs judiciaires et mandataires pendant la crise, qui se sont port\u00e9s volontaire au service des chefs d\u2019entreprises par le biais de deux op\u00e9rations N\u00b0Vert ?<\/em><\/strong><\/p>\n\n\n\n<p>Les administrateurs judiciaires sont des acteurs essentiels en cette p\u00e9riode de crise. Tout d\u2019abord parce qu\u2019ils connaissent parfaitement le terrain et l\u2019environnement \u00e9conomique des entreprises en difficult\u00e9. Leur r\u00e9activit\u00e9 et leurs comp\u00e9tences permettent d\u2019accompagner au mieux les entreprises et les autres acteurs \u00e9conomiques. Cette crise aura permis de mettre en avant leur r\u00f4le et leur mission, et de les sortir de cette image d\u2019\u00c9pinal qu&#8217;ils ne sont l\u00e0 que lorsque l&#8217;entreprise va dispara\u00eetre. Les \u00e9lus de terrain que nous sommes tous, constatons \u00e9gale- ment dans nos d\u00e9partements que, en particulier pour les petites entreprises, les administrateurs judiciaires sont des \u00e9l\u00e9ments essentiels pour l\u2019avenir de l\u2019entreprise, souvent dans la mesure o\u00f9 ils permettent de cadrer les sujets les plus difficiles. <strong>Ce constat est paradoxal alors m\u00eame que ce sont souvent des entreprises qui peuvent se situer sous les seuils pour lesquels la d\u00e9signation par le Tribunal d\u2019un administrateur n\u2019est pas obligatoire<\/strong>. S\u2019agissant des mandataires, les comp\u00e9tences qui sont les leurs, notamment lorsqu\u2019il y a PSE, sont essentielles. Elles vont se retrouver renforc\u00e9es \u00e0 mon sens par la Directive du 20 juin 2019. Plus largement, les administrateurs et les mandataires judiciaires jouent le r\u00f4le fondamental de tiers de confiance dans des moments o\u00f9 restaurer la confiance est le sujet essentiel pour redresser une entreprise.<\/p>\n\n\n\n<p><strong>Nous devons convaincre qu\u2019aller devant le Tribunal de commerce pour une proc\u00e9dure collective et encore plus pour une proc\u00e9dure amiable, ne ressort pas des soins palliatifs mais plut\u00f4t des soins tout court. <\/strong>Et donc l\u2019id\u00e9e c\u2019est d\u2019aboutir \u00e0 une gu\u00e9rison. <strong>Pour cela, les AJ et les MJ sont des acteurs de conviction majeurs. Nous avons besoin de votre capacit\u00e9 de conviction. <\/strong>Dans ce contexte, le Conseil national joue un r\u00f4le essentiel permettant souvent de valoriser et d\u2019organiser le travail des AJ et des MJ. C\u2019est une t\u00e2che importante : si nous voulons convaincre les entreprises de se soigner en allant au Tribunal le plus t\u00f4t possible, les AJ et les MJ sont des acteurs cl\u00e9s. Pour cela, le Conseil national gr\u00e2ce \u00e0 la communication collective et positive qu\u2019il a, est une cheville ouvri\u00e8re essentielle.<\/p>\n\n\n\n<p><strong><em>Dans ce contexte compliqu\u00e9, quel r\u00f4le peuvent et\/ ou doivent jouer, selon vous, les administrateurs judiciaires et les mandataires judiciaires ?<\/em><\/strong><\/p>\n\n\n\n<p>Il s\u2019agit bien s\u00fbr de continuer \u00e0 bien faire son travail pour chacun des professionnels de ces secteurs. Le r\u00f4le des AJ et des MJ s\u2019apparente \u00e0 des &#8220;postes de combats&#8221; o\u00f9 professionnalisme et \u00e9thique doivent continuer \u00e0 se conjuguer \u00e0 tr\u00e8s haut niveau. Par ailleurs, nous avons tous, et les AJ et MJ en tout premier lieu, un imp\u00e9ratif besoin de d\u00e9velopper les proc\u00e9dures amiables. Nous le savons tous, le nombre d\u2019entreprises qui se tirent du mauvais pas dans lequel elles sont, est sup\u00e9rieur quand des proc\u00e9dures amiables sont d\u00e9clench\u00e9es plut\u00f4t que d\u2019attendre que se d\u00e9clenche la proc\u00e9dure collective.<\/p>\n\n\n\n<p>Les AJ et MJ sont souvent les interlocuteurs des Tribunaux de commerce qui ont confiance en eux et ils connaissent parfaitement les entreprises en crise et leur gestion. Ils sont de surcro\u00eet rompus \u00e0 la n\u00e9gociation avec les cr\u00e9anciers. Ils sont donc des acteurs idoines de ces proc\u00e9dures amiables.<\/p>\n\n\n\n<p><strong><em>Dans le contexte de crise, certains pronostiqueurs imprudents pr\u00e9voyaient une vague de faillites, un tsunami de proc\u00e9dures collectives. On voit qu\u2019il n\u2019en est rien, gr\u00e2ce \u00e0 la grande efficacit\u00e9 des mesures de soutien \u00e0 l\u2019\u00e9conomie prises par le Gouvernement et, qu\u2019au contraire, la diminution du nombre de d\u00e9faillances a \u00e9t\u00e9 extr\u00eamement importante en 2020 (-40%) : quel est votre sentiment sur l\u2019ampleur de la crise \u00e9conomique \u00e0 venir qu\u2019on nous annonce de toutes parts et quelles sont vos hypoth\u00e8ses de travail en la mati\u00e8re pour 2021 ?<\/em><\/strong><\/p>\n\n\n\n<p>Certes, vous avez raison, ni tsunami, ni vague de faillite n\u2019est arriv\u00e9 et n\u2019a englouti notre \u00e9conomie comme les Cas- sandre le pr\u00e9voyaient il y a quelques mois. Nous pouvons nous en f\u00e9liciter. Nous le devons largement aux dispositifs mis en place par le Gouvernement que ce soit notamment les PGE ou l\u2019activit\u00e9 partielle. Le Gouvernement et l\u2019\u00c9tat, je le disais en pr\u00e9ambule, ont \u00e9t\u00e9 au rendez-vous. <strong>En revanche, se posent aujourd\u2019hui deux questions : d\u2019une part, comment allons nous sortir de cette crise : rythme de r\u00e9duction des aides publiques, retour au travail pour certains salari\u00e9s, sort du t\u00e9l\u00e9travail\u2026 ; par ailleurs, comment, \u00e0 long terme, allons-nous faire face \u00e0 l\u2019accumulation de dettes qui a \u00e9t\u00e9 acc\u00e9l\u00e9r\u00e9e en quelques mois et qui a financ\u00e9 du fonctionnement ?<\/strong><\/p>\n\n\n\n<p>\u00c0 ces interrogations, s\u2019ajoutent le fait que certains secteurs, comme l\u2019a\u00e9ronautique, l\u2019automobile, le tourisme, la restauration ou l\u2019\u00e9v\u00e9nementiel ont \u00e9t\u00e9 particuli\u00e8rement touch\u00e9s. Nous allons voir comment tout cela va se cicatriser. Ce qui est malgr\u00e9 tout certain c\u2019est que cette crise est une crise exog\u00e8ne et qu\u2019elle a laiss\u00e9 intact l\u2019outil de production. Je pense donc que la reprise peut se d\u00e9rouler tr\u00e8s vite si la confiance est restaur\u00e9e sur l\u2019avenir. Un des facteurs cl\u00e9s de cette reprise tient \u00e0 la mobilisation de l\u2019\u00e9pargne des m\u00e9nages qui n\u2019a eu de cesse d\u2019augmenter depuis plus d\u2019un an. De tout cela, nous pouvons en ressortir que le pire n\u2019est pas s\u00fbr : il se peut que l\u2019\u00e9conomie red\u00e9colle plus vite qu\u2019attendu. L\u2019exp\u00e9rience am\u00e9ricaine est \u00e0 ce titre tr\u00e8s int\u00e9ressante. En revanche, ce qui est certain, c\u2019est qu\u2019il nous faut pr\u00e9parer le pire pour pouvoir y faire face s\u2019il devait survenir. C\u2019est pourquoi je plaide depuis plusieurs mois pour une adaptation du droit des entreprises en difficult\u00e9, le rendant plus efficace et donc nous rendant capable de sauver les entreprises qui doivent l\u2019\u00eatre.<\/p>\n","protected":false},"featured_media":11658,"template":"","categorie-ecoutes":[39],"class_list":["post-13335","ecoute","type-ecoute","status-publish","has-post-thumbnail","hentry","categorie-ecoutes-interview-english"],"acf":[],"publishpress_future_workflow_manual_trigger":{"enabledWorkflows":[]},"_links":{"self":[{"href":"https:\/\/www.cnajmj.fr\/en\/wp-json\/wp\/v2\/ecoute\/13335","targetHints":{"allow":["GET"]}}],"collection":[{"href":"https:\/\/www.cnajmj.fr\/en\/wp-json\/wp\/v2\/ecoute"}],"about":[{"href":"https:\/\/www.cnajmj.fr\/en\/wp-json\/wp\/v2\/types\/ecoute"}],"wp:featuredmedia":[{"embeddable":true,"href":"https:\/\/www.cnajmj.fr\/en\/wp-json\/wp\/v2\/media\/11658"}],"wp:attachment":[{"href":"https:\/\/www.cnajmj.fr\/en\/wp-json\/wp\/v2\/media?parent=13335"}],"wp:term":[{"taxonomy":"categorie-ecoutes","embeddable":true,"href":"https:\/\/www.cnajmj.fr\/en\/wp-json\/wp\/v2\/categorie-ecoutes?post=13335"}],"curies":[{"name":"wp","href":"https:\/\/api.w.org\/{rel}","templated":true}]}}